{"id":174,"date":"2020-08-30T15:37:24","date_gmt":"2020-08-30T13:37:24","guid":{"rendered":"https:\/\/osrodekpolanica.pl\/?page_id=174"},"modified":"2026-01-25T21:41:11","modified_gmt":"2026-01-25T20:41:11","slug":"historia-osrodka","status":"publish","type":"page","link":"https:\/\/osrodekpolanica.pl\/?page_id=174","title":{"rendered":"Historia O\u015brodka"},"content":{"rendered":"\t\t<div data-elementor-type=\"wp-page\" data-elementor-id=\"174\" class=\"elementor elementor-174\" data-elementor-post-type=\"page\">\n\t\t\t\t\t\t<section class=\"elementor-section elementor-top-section elementor-element elementor-element-8eb7c2f elementor-section-boxed elementor-section-height-default elementor-section-height-default\" data-id=\"8eb7c2f\" data-element_type=\"section\" data-e-type=\"section\">\n\t\t\t\t\t\t<div class=\"elementor-container elementor-column-gap-default\">\n\t\t\t\t\t<div class=\"elementor-column elementor-col-50 elementor-top-column elementor-element elementor-element-2f2f23c\" data-id=\"2f2f23c\" data-element_type=\"column\" data-e-type=\"column\">\n\t\t\t<div class=\"elementor-widget-wrap elementor-element-populated\">\n\t\t\t\t\t\t<div class=\"elementor-element elementor-element-54d1461 elementor-widget elementor-widget-text-editor\" data-id=\"54d1461\" data-element_type=\"widget\" data-e-type=\"widget\" data-widget_type=\"text-editor.default\">\n\t\t\t\t<div class=\"elementor-widget-container\">\n\t\t\t\t\t\t\t\t\t<p>HISTORIA SPECJALNEGO O\u015aRODKA<br \/>SZKOLNO-WYCHOWAWCZEGO<\/p><p>Specjalny O\u015brodek Szkolno-Wychowawczy w Polanicy-Zdr\u00f3j mie\u015bci si\u0119 w starym (najstarszym w mie\u015bcie) budynku wybudowanym przez jezuit\u00f3w w XVIII wieku. Powojenn\u0105 histori\u0119 domu przy ulicy Ko\u015bcielnej 2, w kt\u00f3rej dotychczas mie\u015bci\u0142 si\u0119 sierociniec prowadzony przez Siostry Jadwi\u017canki, podejmuj\u0105 si\u0119 kontynuowa\u0107 Siostry J\u00f3zefitki. Po przesiedleniach ludno\u015bci polskiej z teren\u00f3w wschodnich powracaj\u0105ce ze Lwowa siostry staraniem \u00f3wczesnego proboszcza Polanicy ks. Mariana Barga w dniu 17 listopada 1947r. obj\u0119\u0142y woln\u0105 plac\u00f3wk\u0119 po Siostrach Jadwi\u017cankach, (kt\u00f3re wyjecha\u0142y do Niemiec). Pierwsze trzy siostry mia\u0142y pod opiek\u0105 35 sierot powojennych, byli to ch\u0142opcy: 20-tu wieku szkolnym i 15-tu w wieku przedszkolnym. Dzieci ucz\u0119szcza\u0142y do szko\u0142y podstawowej w mie\u015bcie. W roku 1950 Zak\u0142ad przej\u0119\u0142o Zrzeszenie Katolik\u00f3w ,,Caritas\u201d, Oddzia\u0142 Wojew\u00f3dzki we Wroc\u0142awiu, w tym te\u017c czasie przeniesiono dzieci szkolne do innych zak\u0142ad\u00f3w, a siostrom pozostawiono tylko przedszkolak\u00f3w, byli to sami ch\u0142opcy. Od tej pory dom otrzymywa\u0142 miesi\u0119czn\u0105 subwencj\u0119, zale\u017cn\u0105 od ilo\u015bci dzieci oraz przyj\u0105\u0142 nazw\u0119 Dom Dziecka ,,Caritas\u201d. Z dniem 1.X.1961 rok Dom Dziecka ,,Caritas\u201d zosta\u0142 przekszta\u0142cony na Zak\u0142ad Wychowawczy dla dzieci op\u00f3\u017anionych w rozwoju umys\u0142owym w wieku od 3 do 10 lat. 1.III.1962 roku zosta\u0142a zorganizowana na terenie Zak\u0142adu I klasa Szko\u0142y Specjalnej. Zaj\u0119cia prowadzi\u0142a nauczycielka dochodz\u0105ca z Polanicy p. Lidia Wierzbicka, p\u00f3\u017aniejsza kierowniczka i dyrektor szko\u0142y. Ju\u017c w nast\u0119pnym roku by\u0142o tak du\u017co dzieci, \u017ce utworzono klas\u0119 przygotowawcz\u0105 dla tych, kt\u00f3re ju\u017c przekroczy\u0142y wiek szkolny, a z powodu braku miejsca w I klasie nie pobiera\u0142y nauki. W zwi\u0105zku ze sta\u0142ym powi\u0119kszaniem si\u0119 liczby dzieci przebywaj\u0105cych do Zak\u0142adu przystosowywano pomieszczenia na potrzeby grup wychowawczych i klas szkolnych. Dzieci w godzinach wolnych od zaj\u0119\u0107 lekcyjnych pomaga\u0142y siostrom w pracach ogrodowych i porz\u0105dkowych. We wrze\u015bniu 1967 roku w Zak\u0142adzie przebywa\u0142o 70 dziewczynek i 50 ch\u0142opc\u00f3w. Decyzj\u0105 Prezydium Wojew\u00f3dzkiej Rady Narodowej we Wroc\u0142awiu Wydzia\u0142 do Spraw Wyzna\u0144 Zgromadzenie Si\u00f3str \u015aw. J\u00f3zefa otrzyma\u0142o na w\u0142asno\u015b\u0107 parcel\u0119 wraz z budynkami znajduj\u0105cymi<br \/>si\u0119 przy ul. Ko\u015bcielnej 2, kt\u00f3re to Zgromadzenie u\u017cycza na podstawie umowy najmu Zrzeszeniu Katolik\u00f3w ,,Caritas\u201d. Dzieci przebywaj\u0105ce w Zak\u0142adzie cz\u0119sto w dni wolne od nauki pozostawa\u0142y z siostrami, sp\u0119dzaj\u0105c z nimi \u015awi\u0119ta Bo\u017cego Narodzenia, Wielkanocy, pomaga\u0142y w codziennych pracach. Od 1989 roku po rozwi\u0105zaniu Zrzeszenia Katolik\u00f3w ,,Caritas\u201d prowadzenie Zak\u0142adu Wychowawczego przej\u0119\u0142o Zgromadzenie Si\u00f3str \u015aw. J\u00f3zefa. 1.09.1995 roku Zak\u0142ad Wychowawczy zmieni\u0142 nazw\u0119 na O\u015brodek i pe\u0142na nazwa brzmi: Specjalny O\u015brodek Wychowawczy prowadzony przez Zgromadzenie Si\u00f3str \u015aw. J\u00f3zefa. W 2004r. w O\u015brodku przebywa\u0142o 94 dzieci z ca\u0142ej Kotliny K\u0142odzkiej kontynuuj\u0105c nauk\u0119 w szkole podstawowej i gimnazjum mieszcz\u0105cym si\u0119 w budynkach nale\u017c\u0105cych do Si\u00f3str J\u00f3zefitek. Od 1 wrze\u015bnia 2008r. Zgromadzenie Si\u00f3str \u015aw. J\u00f3zefa \u2013 Prowincja Wroc\u0142awska prowadzi Szko\u0142\u0119 Podstawow\u0105 Specjaln\u0105 i Gimnazjum Specjalne (w miejsce dotychczasowego Zespo\u0142u Szk\u00f3\u0142 Specjalnych prowadzonych przez Starostwo Powiatowe w K\u0142odzku), a nazwaplac\u00f3wki brzmi: Specjalny O\u015brodek Szkolno-Wychowawczy.<\/p><p>Dyrektorkami<br \/>O\u015brodka w kolejnych latach by\u0142y:<\/p><p>\u00b7 1947-1953 \u2013 s. Joannita Urszula Winiarska<br \/>\u00b7 1953-1959 \u2013 s. Witalisa Julia Rutka<br \/>\u00b7 1959-1968 \u2013 s. Zofia Monika Szendzielorz<br \/>\u00b7 1968-1969 \u2013 s. Janina Jadwiga Wi\u015bniowska<br \/>\u00b7 1969-1989 \u2013 s. Zdzis\u0142awa Zofia Mucha<br \/>\u00b7 1989-1996 \u2013 s. Eustochia Wies\u0142awa Domaga\u0142a<br \/>\u00b7 1996-1998 \u2013 s. Konrada Barbara Kruszewska<br \/>\u00b7 1998-2004 \u2013 s. \u015awierada J\u00f3zefa Machowska<br \/>\u00b7 2004-2010 \u2013 s. Marit Marta Kot<br \/>\u00b7 2010-2013 \u2013 s. Anita Anna Rapa <br \/>\u00b7 2013-2019 \u2013 s. Aniela Brygida Dul<br \/>\u00b7 2019-2020 \u2013 s. Sylwia Barbara Boche\u0144ska<br \/>\u00b7 2020-2023 \u2013 s. Zofia Katarzyna \u015awitajska<br \/>\u00b7 2023-2025 \u2013 s. Bogna Bo\u017cena Nowak<br \/>\u00b7 2025 \u2013 s. Amatis Ewa Miszta<\/p><p>Pos\u0142ug\u0119 duchow\u0105 dla dzieci w O\u015brodku przez ca\u0142y czas sprawuj\u0105 Ojcowie Sercanie z Soko\u0142\u00f3wki: O. W\u0142odzimierz Zimol\u0105g, O. Tadeusz Hojka, O. Marian W\u0119sak, O. Dariusz Warcho\u0142, O. Leszek G\u00f3lczy\u0144ski, O. Sebastian Pieczeniak i obecnie Kamil Wawro.<\/p>\t\t\t\t\t\t\t\t<\/div>\n\t\t\t\t<\/div>\n\t\t\t\t\t<\/div>\n\t\t<\/div>\n\t\t\t\t<div class=\"elementor-column elementor-col-50 elementor-top-column elementor-element elementor-element-8864b50\" data-id=\"8864b50\" data-element_type=\"column\" data-e-type=\"column\">\n\t\t\t<div class=\"elementor-widget-wrap elementor-element-populated\">\n\t\t\t\t\t\t<div class=\"elementor-element elementor-element-5525f75 elementor-widget elementor-widget-gallery\" data-id=\"5525f75\" data-element_type=\"widget\" data-e-type=\"widget\" data-settings=\"{&quot;gallery_layout&quot;:&quot;masonry&quot;,&quot;columns&quot;:1,&quot;gap&quot;:{&quot;unit&quot;:&quot;px&quot;,&quot;size&quot;:32,&quot;sizes&quot;:[]},&quot;lazyload&quot;:&quot;yes&quot;,&quot;columns_tablet&quot;:2,&quot;columns_mobile&quot;:1,&quot;gap_tablet&quot;:{&quot;unit&quot;:&quot;px&quot;,&quot;size&quot;:10,&quot;sizes&quot;:[]},&quot;gap_mobile&quot;:{&quot;unit&quot;:&quot;px&quot;,&quot;size&quot;:10,&quot;sizes&quot;:[]},&quot;link_to&quot;:&quot;file&quot;,&quot;overlay_background&quot;:&quot;yes&quot;,&quot;content_hover_animation&quot;:&quot;fade-in&quot;}\" data-widget_type=\"gallery.default\">\n\t\t\t\t<div class=\"elementor-widget-container\">\n\t\t\t\t\t\t\t<div class=\"elementor-gallery__container\">\n\t\t\t\t\t\t\t<a class=\"e-gallery-item elementor-gallery-item elementor-animated-content\" href=\"https:\/\/osrodekpolanica.pl\/wp-content\/uploads\/2023\/05\/Fundacja-Szansa-nowe-Logo-02.jpg\" data-elementor-open-lightbox=\"yes\" data-elementor-lightbox-slideshow=\"5525f75\" data-elementor-lightbox-title=\"Fundacja Szansa nowe Logo-02\" data-e-action-hash=\"#elementor-action%3Aaction%3Dlightbox%26settings%3DeyJpZCI6NzU0LCJ1cmwiOiJodHRwczpcL1wvb3Nyb2Rla3BvbGFuaWNhLnBsXC93cC1jb250ZW50XC91cGxvYWRzXC8yMDIzXC8wNVwvRnVuZGFjamEtU3phbnNhLW5vd2UtTG9nby0wMi5qcGciLCJzbGlkZXNob3ciOiI1NTI1Zjc1In0%3D\">\n\t\t\t\t\t<div class=\"e-gallery-image elementor-gallery-item__image\" data-thumbnail=\"https:\/\/osrodekpolanica.pl\/wp-content\/uploads\/2023\/05\/Fundacja-Szansa-nowe-Logo-02-768x703.jpg\" data-width=\"740\" data-height=\"677\" aria-label=\"\" role=\"img\" ><\/div>\n\t\t\t\t\t\t\t\t\t\t\t<div class=\"elementor-gallery-item__overlay\"><\/div>\n\t\t\t\t\t\t\t\t\t\t\t\t\t\t<\/a>\n\t\t\t\t\t\t\t<a class=\"e-gallery-item elementor-gallery-item elementor-animated-content\" href=\"https:\/\/osrodekpolanica.pl\/wp-content\/uploads\/2023\/05\/Fundacja-Szansa-nowe-Logo.jpg\" data-elementor-open-lightbox=\"yes\" data-elementor-lightbox-slideshow=\"5525f75\" data-elementor-lightbox-title=\"Fundacja Szansa nowe Logo\" data-e-action-hash=\"#elementor-action%3Aaction%3Dlightbox%26settings%3DeyJpZCI6NzUzLCJ1cmwiOiJodHRwczpcL1wvb3Nyb2Rla3BvbGFuaWNhLnBsXC93cC1jb250ZW50XC91cGxvYWRzXC8yMDIzXC8wNVwvRnVuZGFjamEtU3phbnNhLW5vd2UtTG9nby5qcGciLCJzbGlkZXNob3ciOiI1NTI1Zjc1In0%3D\">\n\t\t\t\t\t<div class=\"e-gallery-image elementor-gallery-item__image\" data-thumbnail=\"https:\/\/osrodekpolanica.pl\/wp-content\/uploads\/2023\/05\/Fundacja-Szansa-nowe-Logo-768x288.jpg\" data-width=\"740\" data-height=\"278\" aria-label=\"\" role=\"img\" ><\/div>\n\t\t\t\t\t\t\t\t\t\t\t<div class=\"elementor-gallery-item__overlay\"><\/div>\n\t\t\t\t\t\t\t\t\t\t\t\t\t\t<\/a>\n\t\t\t\t\t\t\t<a class=\"e-gallery-item elementor-gallery-item elementor-animated-content\" href=\"https:\/\/osrodekpolanica.pl\/wp-content\/uploads\/2023\/05\/Fundacja-Szansa-nowe-Logo-03-scaled.jpg\" data-elementor-open-lightbox=\"yes\" data-elementor-lightbox-slideshow=\"5525f75\" data-elementor-lightbox-title=\"Fundacja Szansa nowe Logo-03\" data-e-action-hash=\"#elementor-action%3Aaction%3Dlightbox%26settings%3DeyJpZCI6NzUyLCJ1cmwiOiJodHRwczpcL1wvb3Nyb2Rla3BvbGFuaWNhLnBsXC93cC1jb250ZW50XC91cGxvYWRzXC8yMDIzXC8wNVwvRnVuZGFjamEtU3phbnNhLW5vd2UtTG9nby0wMy1zY2FsZWQuanBnIiwic2xpZGVzaG93IjoiNTUyNWY3NSJ9\">\n\t\t\t\t\t<div class=\"e-gallery-image elementor-gallery-item__image\" data-thumbnail=\"https:\/\/osrodekpolanica.pl\/wp-content\/uploads\/2023\/05\/Fundacja-Szansa-nowe-Logo-03-768x291.jpg\" data-width=\"740\" data-height=\"280\" aria-label=\"\" role=\"img\" ><\/div>\n\t\t\t\t\t\t\t\t\t\t\t<div class=\"elementor-gallery-item__overlay\"><\/div>\n\t\t\t\t\t\t\t\t\t\t\t\t\t\t<\/a>\n\t\t\t\t\t<\/div>\n\t\t\t\t\t<\/div>\n\t\t\t\t<\/div>\n\t\t\t\t<div class=\"elementor-element elementor-element-ce34d71 elementor-widget elementor-widget-gallery\" data-id=\"ce34d71\" data-element_type=\"widget\" data-e-type=\"widget\" data-settings=\"{&quot;gallery_layout&quot;:&quot;justified&quot;,&quot;lazyload&quot;:&quot;yes&quot;,&quot;ideal_row_height&quot;:{&quot;unit&quot;:&quot;px&quot;,&quot;size&quot;:200,&quot;sizes&quot;:[]},&quot;ideal_row_height_tablet&quot;:{&quot;unit&quot;:&quot;px&quot;,&quot;size&quot;:150,&quot;sizes&quot;:[]},&quot;ideal_row_height_mobile&quot;:{&quot;unit&quot;:&quot;px&quot;,&quot;size&quot;:150,&quot;sizes&quot;:[]},&quot;gap&quot;:{&quot;unit&quot;:&quot;px&quot;,&quot;size&quot;:10,&quot;sizes&quot;:[]},&quot;gap_tablet&quot;:{&quot;unit&quot;:&quot;px&quot;,&quot;size&quot;:10,&quot;sizes&quot;:[]},&quot;gap_mobile&quot;:{&quot;unit&quot;:&quot;px&quot;,&quot;size&quot;:10,&quot;sizes&quot;:[]},&quot;link_to&quot;:&quot;file&quot;,&quot;overlay_background&quot;:&quot;yes&quot;,&quot;content_hover_animation&quot;:&quot;fade-in&quot;}\" data-widget_type=\"gallery.default\">\n\t\t\t\t<div class=\"elementor-widget-container\">\n\t\t\t\t\t\t\t<div class=\"elementor-gallery__container\">\n\t\t\t\t\t\t\t<a class=\"e-gallery-item elementor-gallery-item elementor-animated-content\" href=\"https:\/\/osrodekpolanica.pl\/wp-content\/uploads\/2020\/08\/cropped-baner4-1.jpg\" data-elementor-open-lightbox=\"yes\" data-elementor-lightbox-slideshow=\"ce34d71\" data-elementor-lightbox-title=\"cropped-baner4-1.jpg\" data-e-action-hash=\"#elementor-action%3Aaction%3Dlightbox%26settings%3DeyJpZCI6MjMyLCJ1cmwiOiJodHRwczpcL1wvb3Nyb2Rla3BvbGFuaWNhLnBsXC93cC1jb250ZW50XC91cGxvYWRzXC8yMDIwXC8wOFwvY3JvcHBlZC1iYW5lcjQtMS5qcGciLCJzbGlkZXNob3ciOiJjZTM0ZDcxIn0%3D\">\n\t\t\t\t\t<div class=\"e-gallery-image elementor-gallery-item__image\" data-thumbnail=\"https:\/\/osrodekpolanica.pl\/wp-content\/uploads\/2020\/08\/cropped-baner4-1-768x461.jpg\" data-width=\"740\" data-height=\"444\" aria-label=\"\" role=\"img\" ><\/div>\n\t\t\t\t\t\t\t\t\t\t\t<div class=\"elementor-gallery-item__overlay\"><\/div>\n\t\t\t\t\t\t\t\t\t\t\t\t\t\t<\/a>\n\t\t\t\t\t\t\t<a class=\"e-gallery-item elementor-gallery-item elementor-animated-content\" href=\"https:\/\/osrodekpolanica.pl\/wp-content\/uploads\/2023\/04\/331295870_2204219489780974_7608727901016430734_n.jpg\" data-elementor-open-lightbox=\"yes\" data-elementor-lightbox-slideshow=\"ce34d71\" data-elementor-lightbox-title=\"331295870_2204219489780974_7608727901016430734_n\" data-e-action-hash=\"#elementor-action%3Aaction%3Dlightbox%26settings%3DeyJpZCI6NzM1LCJ1cmwiOiJodHRwczpcL1wvb3Nyb2Rla3BvbGFuaWNhLnBsXC93cC1jb250ZW50XC91cGxvYWRzXC8yMDIzXC8wNFwvMzMxMjk1ODcwXzIyMDQyMTk0ODk3ODA5NzRfNzYwODcyNzkwMTAxNjQzMDczNF9uLmpwZyIsInNsaWRlc2hvdyI6ImNlMzRkNzEifQ%3D%3D\">\n\t\t\t\t\t<div class=\"e-gallery-image elementor-gallery-item__image\" data-thumbnail=\"https:\/\/osrodekpolanica.pl\/wp-content\/uploads\/2023\/04\/331295870_2204219489780974_7608727901016430734_n-768x704.jpg\" data-width=\"740\" data-height=\"678\" aria-label=\"\" role=\"img\" ><\/div>\n\t\t\t\t\t\t\t\t\t\t\t<div class=\"elementor-gallery-item__overlay\"><\/div>\n\t\t\t\t\t\t\t\t\t\t\t\t\t\t<\/a>\n\t\t\t\t\t\t\t<a class=\"e-gallery-item elementor-gallery-item elementor-animated-content\" href=\"https:\/\/osrodekpolanica.pl\/wp-content\/uploads\/2020\/08\/baner5.jpg\" data-elementor-open-lightbox=\"yes\" data-elementor-lightbox-slideshow=\"ce34d71\" data-elementor-lightbox-title=\"baner5\" data-e-action-hash=\"#elementor-action%3Aaction%3Dlightbox%26settings%3DeyJpZCI6MjM0LCJ1cmwiOiJodHRwczpcL1wvb3Nyb2Rla3BvbGFuaWNhLnBsXC93cC1jb250ZW50XC91cGxvYWRzXC8yMDIwXC8wOFwvYmFuZXI1LmpwZyIsInNsaWRlc2hvdyI6ImNlMzRkNzEifQ%3D%3D\">\n\t\t\t\t\t<div class=\"e-gallery-image elementor-gallery-item__image\" data-thumbnail=\"https:\/\/osrodekpolanica.pl\/wp-content\/uploads\/2020\/08\/baner5-768x461.jpg\" data-width=\"740\" data-height=\"444\" aria-label=\"\" role=\"img\" ><\/div>\n\t\t\t\t\t\t\t\t\t\t\t<div class=\"elementor-gallery-item__overlay\"><\/div>\n\t\t\t\t\t\t\t\t\t\t\t\t\t\t<\/a>\n\t\t\t\t\t\t\t<a class=\"e-gallery-item elementor-gallery-item elementor-animated-content\" href=\"https:\/\/osrodekpolanica.pl\/wp-content\/uploads\/2023\/04\/331819489_1114946286107963_5228305234862691927_n.jpg\" data-elementor-open-lightbox=\"yes\" data-elementor-lightbox-slideshow=\"ce34d71\" data-elementor-lightbox-title=\"331819489_1114946286107963_5228305234862691927_n\" data-e-action-hash=\"#elementor-action%3Aaction%3Dlightbox%26settings%3DeyJpZCI6NzM2LCJ1cmwiOiJodHRwczpcL1wvb3Nyb2Rla3BvbGFuaWNhLnBsXC93cC1jb250ZW50XC91cGxvYWRzXC8yMDIzXC8wNFwvMzMxODE5NDg5XzExMTQ5NDYyODYxMDc5NjNfNTIyODMwNTIzNDg2MjY5MTkyN19uLmpwZyIsInNsaWRlc2hvdyI6ImNlMzRkNzEifQ%3D%3D\">\n\t\t\t\t\t<div class=\"e-gallery-image elementor-gallery-item__image\" data-thumbnail=\"https:\/\/osrodekpolanica.pl\/wp-content\/uploads\/2023\/04\/331819489_1114946286107963_5228305234862691927_n-768x769.jpg\" data-width=\"740\" data-height=\"741\" aria-label=\"\" role=\"img\" ><\/div>\n\t\t\t\t\t\t\t\t\t\t\t<div class=\"elementor-gallery-item__overlay\"><\/div>\n\t\t\t\t\t\t\t\t\t\t\t\t\t\t<\/a>\n\t\t\t\t\t\t\t<a class=\"e-gallery-item elementor-gallery-item elementor-animated-content\" href=\"https:\/\/osrodekpolanica.pl\/wp-content\/uploads\/2023\/04\/331440127_471333605084391_4504241185789889557_n.jpg\" data-elementor-open-lightbox=\"yes\" data-elementor-lightbox-slideshow=\"ce34d71\" data-elementor-lightbox-title=\"331440127_471333605084391_4504241185789889557_n\" data-e-action-hash=\"#elementor-action%3Aaction%3Dlightbox%26settings%3DeyJpZCI6NzM3LCJ1cmwiOiJodHRwczpcL1wvb3Nyb2Rla3BvbGFuaWNhLnBsXC93cC1jb250ZW50XC91cGxvYWRzXC8yMDIzXC8wNFwvMzMxNDQwMTI3XzQ3MTMzMzYwNTA4NDM5MV80NTA0MjQxMTg1Nzg5ODg5NTU3X24uanBnIiwic2xpZGVzaG93IjoiY2UzNGQ3MSJ9\">\n\t\t\t\t\t<div class=\"e-gallery-image elementor-gallery-item__image\" data-thumbnail=\"https:\/\/osrodekpolanica.pl\/wp-content\/uploads\/2023\/04\/331440127_471333605084391_4504241185789889557_n-768x659.jpg\" data-width=\"740\" data-height=\"635\" aria-label=\"\" role=\"img\" ><\/div>\n\t\t\t\t\t\t\t\t\t\t\t<div class=\"elementor-gallery-item__overlay\"><\/div>\n\t\t\t\t\t\t\t\t\t\t\t\t\t\t<\/a>\n\t\t\t\t\t<\/div>\n\t\t\t\t\t<\/div>\n\t\t\t\t<\/div>\n\t\t\t\t\t<\/div>\n\t\t<\/div>\n\t\t\t\t\t<\/div>\n\t\t<\/section>\n\t\t\t\t<section class=\"elementor-section elementor-top-section elementor-element elementor-element-f41ee63 elementor-section-boxed elementor-section-height-default elementor-section-height-default\" data-id=\"f41ee63\" data-element_type=\"section\" data-e-type=\"section\">\n\t\t\t\t\t\t<div class=\"elementor-container elementor-column-gap-default\">\n\t\t\t\t\t<div class=\"elementor-column elementor-col-100 elementor-top-column elementor-element elementor-element-14750a7\" data-id=\"14750a7\" data-element_type=\"column\" data-e-type=\"column\">\n\t\t\t<div class=\"elementor-widget-wrap\">\n\t\t\t\t\t\t\t<\/div>\n\t\t<\/div>\n\t\t\t\t\t<\/div>\n\t\t<\/section>\n\t\t\t\t<\/div>\n\t\t","protected":false},"excerpt":{"rendered":"<p>HISTORIA SPECJALNEGO O\u015aRODKASZKOLNO-WYCHOWAWCZEGO Specjalny O\u015brodek Szkolno-Wychowawczy w Polanicy-Zdr\u00f3j mie\u015bci si\u0119 w starym (najstarszym w mie\u015bcie) budynku wybudowanym przez jezuit\u00f3w w XVIII wieku. Powojenn\u0105 histori\u0119 domu przy ulicy Ko\u015bcielnej 2, w kt\u00f3rej dotychczas mie\u015bci\u0142 si\u0119 sierociniec prowadzony przez Siostry Jadwi\u017canki, podejmuj\u0105 si\u0119 kontynuowa\u0107 Siostry J\u00f3zefitki. Po przesiedleniach ludno\u015bci polskiej z teren\u00f3w wschodnich powracaj\u0105ce ze Lwowa siostry &hellip; <\/p>\n<p class=\"link-more\"><a href=\"https:\/\/osrodekpolanica.pl\/?page_id=174\" class=\"more-link\">Continue reading<span class=\"screen-reader-text\"> &#8220;Historia O\u015brodka&#8221;<\/span><\/a><\/p>\n","protected":false},"author":1,"featured_media":0,"parent":0,"menu_order":0,"comment_status":"closed","ping_status":"closed","template":"elementor_header_footer","meta":{"footnotes":""},"class_list":["post-174","page","type-page","status-publish","hentry"],"_links":{"self":[{"href":"https:\/\/osrodekpolanica.pl\/index.php?rest_route=\/wp\/v2\/pages\/174","targetHints":{"allow":["GET"]}}],"collection":[{"href":"https:\/\/osrodekpolanica.pl\/index.php?rest_route=\/wp\/v2\/pages"}],"about":[{"href":"https:\/\/osrodekpolanica.pl\/index.php?rest_route=\/wp\/v2\/types\/page"}],"author":[{"embeddable":true,"href":"https:\/\/osrodekpolanica.pl\/index.php?rest_route=\/wp\/v2\/users\/1"}],"replies":[{"embeddable":true,"href":"https:\/\/osrodekpolanica.pl\/index.php?rest_route=%2Fwp%2Fv2%2Fcomments&post=174"}],"version-history":[{"count":61,"href":"https:\/\/osrodekpolanica.pl\/index.php?rest_route=\/wp\/v2\/pages\/174\/revisions"}],"predecessor-version":[{"id":1013,"href":"https:\/\/osrodekpolanica.pl\/index.php?rest_route=\/wp\/v2\/pages\/174\/revisions\/1013"}],"wp:attachment":[{"href":"https:\/\/osrodekpolanica.pl\/index.php?rest_route=%2Fwp%2Fv2%2Fmedia&parent=174"}],"curies":[{"name":"wp","href":"https:\/\/api.w.org\/{rel}","templated":true}]}}