{"id":198,"date":"2020-08-30T16:04:59","date_gmt":"2020-08-30T14:04:59","guid":{"rendered":"https:\/\/osrodekpolanica.pl\/?page_id=198"},"modified":"2026-01-26T16:53:14","modified_gmt":"2026-01-26T15:53:14","slug":"wczesne-wspomaganie","status":"publish","type":"page","link":"https:\/\/osrodekpolanica.pl\/?page_id=198","title":{"rendered":"Wczesne wspomaganie"},"content":{"rendered":"\t\t<div data-elementor-type=\"wp-page\" data-elementor-id=\"198\" class=\"elementor elementor-198\" data-elementor-post-type=\"page\">\n\t\t\t\t\t\t<section class=\"elementor-section elementor-top-section elementor-element elementor-element-d885264 elementor-section-boxed elementor-section-height-default elementor-section-height-default\" data-id=\"d885264\" data-element_type=\"section\" data-e-type=\"section\">\n\t\t\t\t\t\t<div class=\"elementor-container elementor-column-gap-default\">\n\t\t\t\t\t<div class=\"elementor-column elementor-col-100 elementor-top-column elementor-element elementor-element-5f2aad8\" data-id=\"5f2aad8\" data-element_type=\"column\" data-e-type=\"column\">\n\t\t\t<div class=\"elementor-widget-wrap elementor-element-populated\">\n\t\t\t\t\t\t<section class=\"elementor-section elementor-inner-section elementor-element elementor-element-d31eb62 elementor-section-boxed elementor-section-height-default elementor-section-height-default\" data-id=\"d31eb62\" data-element_type=\"section\" data-e-type=\"section\">\n\t\t\t\t\t\t<div class=\"elementor-container elementor-column-gap-default\">\n\t\t\t\t\t<div class=\"elementor-column elementor-col-50 elementor-inner-column elementor-element elementor-element-a358b41\" data-id=\"a358b41\" data-element_type=\"column\" data-e-type=\"column\">\n\t\t\t<div class=\"elementor-widget-wrap elementor-element-populated\">\n\t\t\t\t\t\t<div class=\"elementor-element elementor-element-0842817 elementor-widget__width-initial elementor-widget elementor-widget-text-editor\" data-id=\"0842817\" data-element_type=\"widget\" data-e-type=\"widget\" data-widget_type=\"text-editor.default\">\n\t\t\t\t<div class=\"elementor-widget-container\">\n\t\t\t\t\t\t\t\t\t<p style=\"margin: 0cm 0cm 18pt; background-image: initial; background-position: initial; background-size: initial; background-repeat: initial; background-attachment: initial; background-origin: initial; background-clip: initial;\"><strong><span style=\"font-family: Arial, sans-serif;\">Wczesne wspomaganie rozwoju ma\u0142ego dziecka<\/span><\/strong><span style=\"font-family: Arial, sans-serif;\">&nbsp;polega na pobudzaniu<br>\npsychoruchowego i spo\u0142ecznego rozwoju dziecka od chwili wykrycia<br>\nniepe\u0142nosprawno\u015bci do czasu podj\u0119cia nauki w szkole. Zakres tego oddzia\u0142ywania mo\u017ce by\u0107 bardzo r\u00f3\u017cny, w zale\u017cno\u015bci od zdiagnozowanych przez specjalist\u00f3w deficyt\u00f3w rozwojowych. Mo\u017ce ono obejmowa\u0107: psychomotoryk\u0119, sfer\u0119 komunikacji, mowy i j\u0119zyka, funkcjonowanie zmys\u0142\u00f3w dziecka, itd. Wczesnym wspomaganiem rozwoju mo\u017ce by\u0107 obj\u0119te ka\u017cde dziecko od chwili wykrycia pierwszych sygna\u0142\u00f3w nieprawid\u0142owego funkcjonowania do czasu podj\u0119cia przez nie nauki w szkole podstawowej. Wsparciem obj\u0119ta jest te\u017c rodzina dziecka.<br><br>Zaj\u0119cia w ramach wczesnego wspomagania organizuje si\u0119 w wymiarze od 4 do 8 godzin w miesi\u0105cu, w zale\u017cno\u015bci od mo\u017cliwo\u015bci psychofizycznych i potrzeb dziecka.<br><br>Zaj\u0119cia s\u0105 prowadzone indywidualnie z dzieckiem i jego rodzin\u0105. W przypadku dzieci, kt\u00f3re uko\u0144czy\u0142y 3 rok \u017cycia, zaj\u0119cia w ramach wczesnego wspomagania mog\u0105 by\u0107 prowadzone w grupach licz\u0105cych 2 lub 3 dzieci, z udzia\u0142em ich rodzin.<o:p><\/o:p><\/span><\/p>\n<p style=\"margin: 0cm 0cm 0.0001pt; background-image: initial; background-position: initial; background-size: initial; background-repeat: initial; background-attachment: initial; background-origin: initial; background-clip: initial;\"><span style=\"font-family: Arial, sans-serif;\">W sk\u0142ad Zespo\u0142u<br>\nwczesnego wspomagania rozwoju dziecka wchodz\u0105 osoby posiadaj\u0105ce przygotowanie<br>\ndo pracy z ma\u0142ymi dzie\u0107mi o zaburzonym rozwoju psychoruchowym:<o:p><\/o:p><\/span><\/p>\n<p style=\"margin: 0cm 0cm 0.0001pt 21pt; text-indent: -18pt; background-image: initial; background-position: initial; background-size: initial; background-repeat: initial; background-attachment: initial; background-origin: initial; background-clip: initial;\"><!--[if !supportLists]--><span style=\"font-family: Arial, sans-serif;\">1.<span style=\"font-variant-numeric: normal; font-variant-east-asian: normal; font-variant-alternates: normal; font-kerning: auto; font-optical-sizing: auto; font-feature-settings: normal; font-variation-settings: normal; font-stretch: normal; font-size: 7pt; line-height: normal; font-family: &quot;Times New Roman&quot;;\">&nbsp;&nbsp;&nbsp; <\/span><\/span><!--[endif]--><span style=\"font-family: Arial, sans-serif;\">pedagog posiadaj\u0105cy kwalifikacje odpowiednie do rodzaju niepe\u0142nosprawno\u015bci dziecka, w szczeg\u00f3lno\u015bci: oligofrenopedagog (specjalista pracy z dzie\u0107mi niepe\u0142nosprawnymi&nbsp;intelektualnie),<\/span><\/p>\n<p style=\"margin: 0cm 0cm 0.0001pt 21pt; text-indent: -18pt; background-image: initial; background-position: initial; background-size: initial; background-repeat: initial; background-attachment: initial; background-origin: initial; background-clip: initial;\"><!--[if !supportLists]--><span style=\"font-family: Arial, sans-serif;\">2.<span style=\"font-variant-numeric: normal; font-variant-east-asian: normal; font-variant-alternates: normal; font-kerning: auto; font-optical-sizing: auto; font-feature-settings: normal; font-variation-settings: normal; font-stretch: normal; font-size: 7pt; line-height: normal; font-family: &quot;Times New Roman&quot;;\">&nbsp;&nbsp;&nbsp; <\/span><\/span><!--[endif]--><span style=\"font-family: Arial, sans-serif;\">psycholog<o:p><\/o:p><\/span><\/p>\n<p style=\"margin: 0cm 0cm 0.0001pt 21pt; text-indent: -18pt; background-image: initial; background-position: initial; background-size: initial; background-repeat: initial; background-attachment: initial; background-origin: initial; background-clip: initial;\"><!--[if !supportLists]--><span style=\"font-family: Arial, sans-serif;\">3.<span style=\"font-variant-numeric: normal; font-variant-east-asian: normal; font-variant-alternates: normal; font-kerning: auto; font-optical-sizing: auto; font-feature-settings: normal; font-variation-settings: normal; font-stretch: normal; font-size: 7pt; line-height: normal; font-family: &quot;Times New Roman&quot;;\">&nbsp;&nbsp;&nbsp; <\/span><\/span><!--[endif]--><span style=\"font-family: Arial, sans-serif;\">logopeda<o:p><\/o:p><\/span><\/p>\n<p style=\"margin: 0cm 0cm 0.0001pt 21pt; text-indent: -18pt; background-image: initial; background-position: initial; background-size: initial; background-repeat: initial; background-attachment: initial; background-origin: initial; background-clip: initial;\"><!--[if !supportLists]--><span style=\"font-family: Arial, sans-serif;\">4.<span style=\"font-variant-numeric: normal; font-variant-east-asian: normal; font-variant-alternates: normal; font-kerning: auto; font-optical-sizing: auto; font-feature-settings: normal; font-variation-settings: normal; font-stretch: normal; font-size: 7pt; line-height: normal; font-family: &quot;Times New Roman&quot;;\">&nbsp;&nbsp;&nbsp; <\/span><\/span><!--[endif]--><span style=\"font-family: Arial, sans-serif;\">inni specjali\u015bci \u2013 w&nbsp;zale\u017cno\u015bci od potrzeb dziecka i jego rodziny.<o:p><\/o:p><\/span><\/p><p style=\"margin: 0cm 0cm 0.0001pt 6pt; background-image: initial; background-position: initial; background-size: initial; background-repeat: initial; background-attachment: initial; background-origin: initial; background-clip: initial;\"><span style=\"font-family: Arial, sans-serif;\"><br>Niezb\u0119dnym dokumentem do zakwalifikowania dziecka do tego typu zaj\u0119\u0107 jest stosowna opinia poradni psychologiczno \u2013 pedagogicznej. Z tym dokumentem rodzic powinien zg\u0142osi\u0107 si\u0119 do naszej plac\u00f3wki.<o:p><\/o:p><\/span><\/p>\n<p style=\"margin: 0cm 0cm 18pt; background-image: initial; background-position: initial; background-size: initial; background-repeat: initial; background-attachment: initial; background-origin: initial; background-clip: initial;\"><span style=\"font-family: Arial, sans-serif;\">&nbsp;<o:p><\/o:p><\/span><\/p>\n<p style=\"margin: 0cm 0cm 18pt; background-image: initial; background-position: initial; background-size: initial; background-repeat: initial; background-attachment: initial; background-origin: initial; background-clip: initial;\"><span style=\"font-family: Arial, sans-serif;\">&nbsp;<o:p><\/o:p><\/span><\/p>\n<p style=\"margin: 0cm 0cm 18pt; background-image: initial; background-position: initial; background-size: initial; background-repeat: initial; background-attachment: initial; background-origin: initial; background-clip: initial;\">\n<\/p><p class=\"MsoNormal\"><o:p>&nbsp;<\/o:p><\/p>\n<p style=\"margin: 0cm 0cm 18pt; background-image: initial; background-position: initial; background-size: initial; background-repeat: initial; background-attachment: initial; background-origin: initial; background-clip: initial;\">\n<\/p>\t\t\t\t\t\t\t\t<\/div>\n\t\t\t\t<\/div>\n\t\t\t\t\t<\/div>\n\t\t<\/div>\n\t\t\t\t<div class=\"elementor-column elementor-col-50 elementor-inner-column elementor-element elementor-element-2a5ee4d\" data-id=\"2a5ee4d\" data-element_type=\"column\" data-e-type=\"column\">\n\t\t\t<div class=\"elementor-widget-wrap elementor-element-populated\">\n\t\t\t\t\t\t<div class=\"elementor-element elementor-element-cd1f001 elementor-widget elementor-widget-gallery\" data-id=\"cd1f001\" data-element_type=\"widget\" data-e-type=\"widget\" data-settings=\"{&quot;columns&quot;:2,&quot;lazyload&quot;:&quot;yes&quot;,&quot;gallery_layout&quot;:&quot;grid&quot;,&quot;columns_tablet&quot;:2,&quot;columns_mobile&quot;:1,&quot;gap&quot;:{&quot;unit&quot;:&quot;px&quot;,&quot;size&quot;:10,&quot;sizes&quot;:[]},&quot;gap_tablet&quot;:{&quot;unit&quot;:&quot;px&quot;,&quot;size&quot;:10,&quot;sizes&quot;:[]},&quot;gap_mobile&quot;:{&quot;unit&quot;:&quot;px&quot;,&quot;size&quot;:10,&quot;sizes&quot;:[]},&quot;link_to&quot;:&quot;file&quot;,&quot;aspect_ratio&quot;:&quot;3:2&quot;,&quot;overlay_background&quot;:&quot;yes&quot;,&quot;content_hover_animation&quot;:&quot;fade-in&quot;}\" data-widget_type=\"gallery.default\">\n\t\t\t\t<div class=\"elementor-widget-container\">\n\t\t\t\t\t\t\t<div class=\"elementor-gallery__container\">\n\t\t\t\t\t\t\t<a class=\"e-gallery-item elementor-gallery-item elementor-animated-content\" href=\"https:\/\/osrodekpolanica.pl\/wp-content\/uploads\/2023\/04\/336907960_758392565638788_5515482995623062861_n.jpg\" data-elementor-open-lightbox=\"yes\" data-elementor-lightbox-slideshow=\"cd1f001\" data-elementor-lightbox-title=\"336907960_758392565638788_5515482995623062861_n\" data-e-action-hash=\"#elementor-action%3Aaction%3Dlightbox%26settings%3DeyJpZCI6NjM2LCJ1cmwiOiJodHRwczpcL1wvb3Nyb2Rla3BvbGFuaWNhLnBsXC93cC1jb250ZW50XC91cGxvYWRzXC8yMDIzXC8wNFwvMzM2OTA3OTYwXzc1ODM5MjU2NTYzODc4OF81NTE1NDgyOTk1NjIzMDYyODYxX24uanBnIiwic2xpZGVzaG93IjoiY2QxZjAwMSJ9\">\n\t\t\t\t\t<div class=\"e-gallery-image elementor-gallery-item__image\" data-thumbnail=\"https:\/\/osrodekpolanica.pl\/wp-content\/uploads\/2023\/04\/336907960_758392565638788_5515482995623062861_n-139x300.jpg\" data-width=\"139\" data-height=\"300\" aria-label=\"\" role=\"img\" ><\/div>\n\t\t\t\t\t\t\t\t\t\t\t<div class=\"elementor-gallery-item__overlay\"><\/div>\n\t\t\t\t\t\t\t\t\t\t\t\t\t\t<\/a>\n\t\t\t\t\t\t\t<a class=\"e-gallery-item elementor-gallery-item elementor-animated-content\" href=\"https:\/\/osrodekpolanica.pl\/wp-content\/uploads\/2023\/04\/336797402_573612801392044_8380280272981225093_n.jpg\" data-elementor-open-lightbox=\"yes\" data-elementor-lightbox-slideshow=\"cd1f001\" data-elementor-lightbox-title=\"336797402_573612801392044_8380280272981225093_n\" data-e-action-hash=\"#elementor-action%3Aaction%3Dlightbox%26settings%3DeyJpZCI6NjM1LCJ1cmwiOiJodHRwczpcL1wvb3Nyb2Rla3BvbGFuaWNhLnBsXC93cC1jb250ZW50XC91cGxvYWRzXC8yMDIzXC8wNFwvMzM2Nzk3NDAyXzU3MzYxMjgwMTM5MjA0NF84MzgwMjgwMjcyOTgxMjI1MDkzX24uanBnIiwic2xpZGVzaG93IjoiY2QxZjAwMSJ9\">\n\t\t\t\t\t<div class=\"e-gallery-image elementor-gallery-item__image\" data-thumbnail=\"https:\/\/osrodekpolanica.pl\/wp-content\/uploads\/2023\/04\/336797402_573612801392044_8380280272981225093_n-139x300.jpg\" data-width=\"139\" data-height=\"300\" aria-label=\"\" role=\"img\" ><\/div>\n\t\t\t\t\t\t\t\t\t\t\t<div class=\"elementor-gallery-item__overlay\"><\/div>\n\t\t\t\t\t\t\t\t\t\t\t\t\t\t<\/a>\n\t\t\t\t\t\t\t<a class=\"e-gallery-item elementor-gallery-item elementor-animated-content\" href=\"https:\/\/osrodekpolanica.pl\/wp-content\/uploads\/2023\/04\/336775639_917707262615333_5087176143876127629_n.jpg\" data-elementor-open-lightbox=\"yes\" data-elementor-lightbox-slideshow=\"cd1f001\" data-elementor-lightbox-title=\"336775639_917707262615333_5087176143876127629_n\" data-e-action-hash=\"#elementor-action%3Aaction%3Dlightbox%26settings%3DeyJpZCI6NjM0LCJ1cmwiOiJodHRwczpcL1wvb3Nyb2Rla3BvbGFuaWNhLnBsXC93cC1jb250ZW50XC91cGxvYWRzXC8yMDIzXC8wNFwvMzM2Nzc1NjM5XzkxNzcwNzI2MjYxNTMzM181MDg3MTc2MTQzODc2MTI3NjI5X24uanBnIiwic2xpZGVzaG93IjoiY2QxZjAwMSJ9\">\n\t\t\t\t\t<div class=\"e-gallery-image elementor-gallery-item__image\" data-thumbnail=\"https:\/\/osrodekpolanica.pl\/wp-content\/uploads\/2023\/04\/336775639_917707262615333_5087176143876127629_n-139x300.jpg\" data-width=\"139\" data-height=\"300\" aria-label=\"\" role=\"img\" ><\/div>\n\t\t\t\t\t\t\t\t\t\t\t<div class=\"elementor-gallery-item__overlay\"><\/div>\n\t\t\t\t\t\t\t\t\t\t\t\t\t\t<\/a>\n\t\t\t\t\t\t\t<a class=\"e-gallery-item elementor-gallery-item elementor-animated-content\" href=\"https:\/\/osrodekpolanica.pl\/wp-content\/uploads\/2023\/04\/327351217_1600863287024126_1420213393235834259_n.jpg\" data-elementor-open-lightbox=\"yes\" data-elementor-lightbox-slideshow=\"cd1f001\" data-elementor-lightbox-title=\"327351217_1600863287024126_1420213393235834259_n\" data-e-action-hash=\"#elementor-action%3Aaction%3Dlightbox%26settings%3DeyJpZCI6NjMzLCJ1cmwiOiJodHRwczpcL1wvb3Nyb2Rla3BvbGFuaWNhLnBsXC93cC1jb250ZW50XC91cGxvYWRzXC8yMDIzXC8wNFwvMzI3MzUxMjE3XzE2MDA4NjMyODcwMjQxMjZfMTQyMDIxMzM5MzIzNTgzNDI1OV9uLmpwZyIsInNsaWRlc2hvdyI6ImNkMWYwMDEifQ%3D%3D\">\n\t\t\t\t\t<div class=\"e-gallery-image elementor-gallery-item__image\" data-thumbnail=\"https:\/\/osrodekpolanica.pl\/wp-content\/uploads\/2023\/04\/327351217_1600863287024126_1420213393235834259_n-225x300.jpg\" data-width=\"225\" data-height=\"300\" aria-label=\"\" role=\"img\" ><\/div>\n\t\t\t\t\t\t\t\t\t\t\t<div class=\"elementor-gallery-item__overlay\"><\/div>\n\t\t\t\t\t\t\t\t\t\t\t\t\t\t<\/a>\n\t\t\t\t\t\t\t<a class=\"e-gallery-item elementor-gallery-item elementor-animated-content\" href=\"https:\/\/osrodekpolanica.pl\/wp-content\/uploads\/2023\/04\/310622445_167412519212451_2658226760933416085_n.jpg\" data-elementor-open-lightbox=\"yes\" data-elementor-lightbox-slideshow=\"cd1f001\" data-elementor-lightbox-title=\"310622445_167412519212451_2658226760933416085_n\" data-e-action-hash=\"#elementor-action%3Aaction%3Dlightbox%26settings%3DeyJpZCI6NjMyLCJ1cmwiOiJodHRwczpcL1wvb3Nyb2Rla3BvbGFuaWNhLnBsXC93cC1jb250ZW50XC91cGxvYWRzXC8yMDIzXC8wNFwvMzEwNjIyNDQ1XzE2NzQxMjUxOTIxMjQ1MV8yNjU4MjI2NzYwOTMzNDE2MDg1X24uanBnIiwic2xpZGVzaG93IjoiY2QxZjAwMSJ9\">\n\t\t\t\t\t<div class=\"e-gallery-image elementor-gallery-item__image\" data-thumbnail=\"https:\/\/osrodekpolanica.pl\/wp-content\/uploads\/2023\/04\/310622445_167412519212451_2658226760933416085_n-224x300.jpg\" data-width=\"224\" data-height=\"300\" aria-label=\"\" role=\"img\" ><\/div>\n\t\t\t\t\t\t\t\t\t\t\t<div class=\"elementor-gallery-item__overlay\"><\/div>\n\t\t\t\t\t\t\t\t\t\t\t\t\t\t<\/a>\n\t\t\t\t\t\t\t<a class=\"e-gallery-item elementor-gallery-item elementor-animated-content\" href=\"https:\/\/osrodekpolanica.pl\/wp-content\/uploads\/2023\/04\/309605063_166564295963940_8394365029987164421_n.jpg\" data-elementor-open-lightbox=\"yes\" data-elementor-lightbox-slideshow=\"cd1f001\" data-elementor-lightbox-title=\"309605063_166564295963940_8394365029987164421_n\" data-e-action-hash=\"#elementor-action%3Aaction%3Dlightbox%26settings%3DeyJpZCI6NjMxLCJ1cmwiOiJodHRwczpcL1wvb3Nyb2Rla3BvbGFuaWNhLnBsXC93cC1jb250ZW50XC91cGxvYWRzXC8yMDIzXC8wNFwvMzA5NjA1MDYzXzE2NjU2NDI5NTk2Mzk0MF84Mzk0MzY1MDI5OTg3MTY0NDIxX24uanBnIiwic2xpZGVzaG93IjoiY2QxZjAwMSJ9\">\n\t\t\t\t\t<div class=\"e-gallery-image elementor-gallery-item__image\" data-thumbnail=\"https:\/\/osrodekpolanica.pl\/wp-content\/uploads\/2023\/04\/309605063_166564295963940_8394365029987164421_n-300x225.jpg\" data-width=\"300\" data-height=\"225\" aria-label=\"\" role=\"img\" ><\/div>\n\t\t\t\t\t\t\t\t\t\t\t<div class=\"elementor-gallery-item__overlay\"><\/div>\n\t\t\t\t\t\t\t\t\t\t\t\t\t\t<\/a>\n\t\t\t\t\t\t\t<a class=\"e-gallery-item elementor-gallery-item elementor-animated-content\" href=\"https:\/\/osrodekpolanica.pl\/wp-content\/uploads\/2023\/04\/309505221_166564079297295_7220098682751418809_n.jpg\" data-elementor-open-lightbox=\"yes\" data-elementor-lightbox-slideshow=\"cd1f001\" data-elementor-lightbox-title=\"309505221_166564079297295_7220098682751418809_n\" data-e-action-hash=\"#elementor-action%3Aaction%3Dlightbox%26settings%3DeyJpZCI6NjMwLCJ1cmwiOiJodHRwczpcL1wvb3Nyb2Rla3BvbGFuaWNhLnBsXC93cC1jb250ZW50XC91cGxvYWRzXC8yMDIzXC8wNFwvMzA5NTA1MjIxXzE2NjU2NDA3OTI5NzI5NV83MjIwMDk4NjgyNzUxNDE4ODA5X24uanBnIiwic2xpZGVzaG93IjoiY2QxZjAwMSJ9\">\n\t\t\t\t\t<div class=\"e-gallery-image elementor-gallery-item__image\" data-thumbnail=\"https:\/\/osrodekpolanica.pl\/wp-content\/uploads\/2023\/04\/309505221_166564079297295_7220098682751418809_n.jpg\" data-width=\"130\" data-height=\"300\" aria-label=\"\" role=\"img\" ><\/div>\n\t\t\t\t\t\t\t\t\t\t\t<div class=\"elementor-gallery-item__overlay\"><\/div>\n\t\t\t\t\t\t\t\t\t\t\t\t\t\t<\/a>\n\t\t\t\t\t\t\t<a class=\"e-gallery-item elementor-gallery-item elementor-animated-content\" href=\"https:\/\/osrodekpolanica.pl\/wp-content\/uploads\/2023\/04\/288172258_5536924613038414_1125900087063460956_n.jpg\" data-elementor-open-lightbox=\"yes\" data-elementor-lightbox-slideshow=\"cd1f001\" data-elementor-lightbox-title=\"288172258_5536924613038414_1125900087063460956_n\" data-e-action-hash=\"#elementor-action%3Aaction%3Dlightbox%26settings%3DeyJpZCI6NjI5LCJ1cmwiOiJodHRwczpcL1wvb3Nyb2Rla3BvbGFuaWNhLnBsXC93cC1jb250ZW50XC91cGxvYWRzXC8yMDIzXC8wNFwvMjg4MTcyMjU4XzU1MzY5MjQ2MTMwMzg0MTRfMTEyNTkwMDA4NzA2MzQ2MDk1Nl9uLmpwZyIsInNsaWRlc2hvdyI6ImNkMWYwMDEifQ%3D%3D\">\n\t\t\t\t\t<div class=\"e-gallery-image elementor-gallery-item__image\" data-thumbnail=\"https:\/\/osrodekpolanica.pl\/wp-content\/uploads\/2023\/04\/288172258_5536924613038414_1125900087063460956_n.jpg\" data-width=\"224\" data-height=\"300\" aria-label=\"\" role=\"img\" ><\/div>\n\t\t\t\t\t\t\t\t\t\t\t<div class=\"elementor-gallery-item__overlay\"><\/div>\n\t\t\t\t\t\t\t\t\t\t\t\t\t\t<\/a>\n\t\t\t\t\t<\/div>\n\t\t\t\t\t<\/div>\n\t\t\t\t<\/div>\n\t\t\t\t\t<\/div>\n\t\t<\/div>\n\t\t\t\t\t<\/div>\n\t\t<\/section>\n\t\t\t\t\t<\/div>\n\t\t<\/div>\n\t\t\t\t\t<\/div>\n\t\t<\/section>\n\t\t\t\t<\/div>\n\t\t","protected":false},"excerpt":{"rendered":"<p>Wczesne wspomaganie rozwoju ma\u0142ego dziecka&nbsp;polega na pobudzaniu psychoruchowego i spo\u0142ecznego rozwoju dziecka od chwili wykrycia niepe\u0142nosprawno\u015bci do czasu podj\u0119cia nauki w szkole. Zakres tego oddzia\u0142ywania mo\u017ce by\u0107 bardzo r\u00f3\u017cny, w zale\u017cno\u015bci od zdiagnozowanych przez specjalist\u00f3w deficyt\u00f3w rozwojowych. Mo\u017ce ono obejmowa\u0107: psychomotoryk\u0119, sfer\u0119 komunikacji, mowy i j\u0119zyka, funkcjonowanie zmys\u0142\u00f3w dziecka, itd. Wczesnym wspomaganiem rozwoju mo\u017ce by\u0107 &hellip; <\/p>\n<p class=\"link-more\"><a href=\"https:\/\/osrodekpolanica.pl\/?page_id=198\" class=\"more-link\">Continue reading<span class=\"screen-reader-text\"> &#8220;Wczesne wspomaganie&#8221;<\/span><\/a><\/p>\n","protected":false},"author":1,"featured_media":0,"parent":0,"menu_order":0,"comment_status":"closed","ping_status":"closed","template":"elementor_header_footer","meta":{"footnotes":""},"class_list":["post-198","page","type-page","status-publish","hentry"],"_links":{"self":[{"href":"https:\/\/osrodekpolanica.pl\/index.php?rest_route=\/wp\/v2\/pages\/198","targetHints":{"allow":["GET"]}}],"collection":[{"href":"https:\/\/osrodekpolanica.pl\/index.php?rest_route=\/wp\/v2\/pages"}],"about":[{"href":"https:\/\/osrodekpolanica.pl\/index.php?rest_route=\/wp\/v2\/types\/page"}],"author":[{"embeddable":true,"href":"https:\/\/osrodekpolanica.pl\/index.php?rest_route=\/wp\/v2\/users\/1"}],"replies":[{"embeddable":true,"href":"https:\/\/osrodekpolanica.pl\/index.php?rest_route=%2Fwp%2Fv2%2Fcomments&post=198"}],"version-history":[{"count":40,"href":"https:\/\/osrodekpolanica.pl\/index.php?rest_route=\/wp\/v2\/pages\/198\/revisions"}],"predecessor-version":[{"id":1049,"href":"https:\/\/osrodekpolanica.pl\/index.php?rest_route=\/wp\/v2\/pages\/198\/revisions\/1049"}],"wp:attachment":[{"href":"https:\/\/osrodekpolanica.pl\/index.php?rest_route=%2Fwp%2Fv2%2Fmedia&parent=198"}],"curies":[{"name":"wp","href":"https:\/\/api.w.org\/{rel}","templated":true}]}}